{"id":45,"date":"2021-09-20T18:29:15","date_gmt":"2021-09-20T16:29:15","guid":{"rendered":"http:\/\/www.sp23.com.pl\/?page_id=45"},"modified":"2026-03-20T14:16:51","modified_gmt":"2026-03-20T13:16:51","slug":"dostepnosc","status":"publish","type":"page","link":"https:\/\/sp23.poznan.pl\/?page_id=45","title":{"rendered":"Deklaracja Dost\u0119pno\u015bci"},"content":{"rendered":"\n<h1 id=\"a11y-deklaracja\">Deklaracja dost\u0119pno\u015bci Strony Internetowej Szko\u0142y Podstawowej nr 23 w Poznaniu<\/h1>\n<p id=\"a11y-wstep\"><span id=\"a11y-podmiot\">Szko\u0142a Podstawowa nr 23 w Poznaniu<\/span> zobowi\u0105zuje si\u0119 zapewni\u0107 dost\u0119pno\u015b\u0107 swojej strony internetowej zgodnie z przepisami ustawy z dnia 4&nbsp;kwietnia 2019&nbsp;r. o&nbsp;dost\u0119pno\u015bci cyfrowej stron internetowych i&nbsp;aplikacji mobilnych podmiot\u00f3w publicznych. O\u015bwiadczenie w sprawie dost\u0119pno\u015bci ma zastosowanie do strony internetowej <a id=\"a11y-url\" href=\"http:\/\/sp23.com.pl\">Strony Internetowej Szko\u0142y Podstawowej nr 23 w Poznaniu<\/a>.<\/p>\n<ul>\n    <li>Data publikacji strony internetowej: <time id=\"a11y-data-publikacja\" datetime=\"2020-03-01\">2020-03-01<\/time><\/li>\n    <li>Data ostatniej istotnej aktualizacji: <time id=\"a11y-data-aktualizacja\" datetime=\"2026-01-22\">2026-01-22<\/time><\/li>\n<\/ul>\n<h2>Status pod wzgl\u0119dem zgodno\u015bci z ustaw\u0105<\/h2>\n    <p>Strona internetowa jest <strong id=\"a11y-status\">zgodna<\/strong> z&nbsp;ustaw\u0105 o&nbsp;dost\u0119pno\u015bci cyfrowej stron internetowych i&nbsp;aplikacji mobilnych podmiot\u00f3w publicznych z&nbsp;powodu niezgodno\u015bci lub wy\u0142\u0105cze\u0144 wymienionych poni\u017cej.<\/p>\n\n\n\n\n<h3> Przygotowanie deklaracji w sprawie dost\u0119pno\u015bci<\/h3>\n<ul>\n<li>Deklaracj\u0119 sporz\u0105dzono dnia:  <time id=\"a11y-data-sporzadzenie\" datetime=\"2022-10-05\">2022-10-05<\/time><\/li>\n<li>Deklaracja zosta\u0142a ostatnio poddana przegl\u0105dowi i aktualizacji dnia:  <time id=\"a11y-data-deklaracja-przeglad\" datetime=\"2026-03-20\">2026-03-20<\/time><\/li>\n<\/ul>\n\n    <p>Deklaracj\u0119 sporz\u0105dzono na podstawie samooceny. <\/p>\n\n    <p>Pobierz <a href=\"https:\/\/checkers.eiii.eu\/en\/pagecheck2.0\/?uuid=79d058a5-4e2f-4df5-b71a-3a023266a1e7\">Raport z wynikami przegl\u0105du dost\u0119pno\u015bci<\/a>.<\/p>\n\n<h2 id=\"a11y-kontakt\">Informacje zwrotne i dane kontaktowe<\/h2>\n<ul>\n<li>Za rozpatrywanie uwag i wniosk\u00f3w odpowiada:  <span id=\"a11y-osoba\">Marek Pi\u0105tek<\/span>.<\/li>\n<li>E-mail: <span id=\"a11y-email\">sekretariat@sp23.com.pl<\/span><\/li>\n<li>Telefon: <span id=\"a11y-telefon\">61 847 45 93<\/span><\/li>\n<\/ul>\n\n<p id=\"a11y-procedura\">Ka\u017cdy ma prawo:<\/p>\n<ul>\n    <li>zg\u0142osi\u0107 uwagi dotycz\u0105ce dost\u0119pno\u015bci cyfrowej strony lub jej elementu,<\/li>\n    <li>zg\u0142osi\u0107 \u017c\u0105danie zapewnienia dost\u0119pno\u015bci cyfrowej strony lub jej elementu,<\/li>\n    <li>wnioskowa\u0107 o udost\u0119pnienie niedost\u0119pnej informacji w innej alternatywnej formie.<\/li>\n<\/ul>\n<p>\u017b\u0105danie musi zawiera\u0107:<\/p>\n<ul>\n    <li>dane kontaktowe osoby zg\u0142aszaj\u0105cej,<\/li>\n    <li>wskazanie strony lub elementu strony, kt\u00f3rej dotyczy \u017c\u0105danie,<\/li>\n    <li>wskazanie dogodnej formy udost\u0119pnienia informacji, je\u015bli \u017c\u0105danie dotyczy udost\u0119pnienia w formie alternatywnej informacji niedost\u0119pnej.<\/li>\n<\/ul>\n<p>Rozpatrzenie zg\u0142oszenia powinno nast\u0105pi\u0107 niezw\u0142ocznie, najp\u00f3\u017aniej w ci\u0105gu 7 dni. Je\u015bli w tym terminie zapewnienie dost\u0119pno\u015bci albo zapewnienie dost\u0119pu w alternatywnej formie nie jest mo\u017cliwe, powinno nast\u0105pi\u0107 najdalej w ci\u0105gu 2 miesi\u0119cy od daty zg\u0142oszenia.<\/p>\n\n<h3>Skargi i odwo\u0142ania<\/h3>\n<p>Na niedotrzymanie tych termin\u00f3w oraz na odmow\u0119 realizacji \u017c\u0105dania mo\u017cna z\u0142o\u017cy\u0107 skarg\u0119 do organu nadzoruj\u0105cego poczt\u0105 lub drog\u0105 elektroniczn\u0105 na adres:<\/p>\n<ul>\n<li>Organ nadzoruj\u0105cy: Dyrektor Szko\u0142y Podstawowej nr 23 w Poznaniu<\/li>\n<li>Adres: ul. Norwida 21, 60-867 Pozna\u0144<\/li>\n<li>E-mail: sekretariat@sp23.com.pl<\/li>\n<li>Telefon: 61 847 45 93<\/li>\n<\/ul>\n<p>Skarg\u0119 mo\u017cna z\u0142o\u017cy\u0107 r\u00f3wnie\u017c do  <a href=\"https:\/\/www.rpo.gov.pl\/content\/jak-zglosic-sie-do-rzecznika-praw-obywatelskich\">Rzecznika Praw Obywatelskich<\/a>.<\/p>\n\n<h2 id=\"a11y-architektura\">Dost\u0119pno\u015b\u0107 architektoniczna<\/h2>\n<p>Przed wej\u015bciem do budynku znajduj\u0105 si\u0119 schody &#8211; nie zastosowano jednak \u017cadnych udogodnie\u0144 dla os\u00f3b niepe\u0142nosprawnych w postaci platform podjazdowych, wind etc. Przed budynkiem nie znajduj\u0105 si\u0119 miejsca parkingowe dla os\u00f3b niepe\u0142nosprawnych. Budynek jest pi\u0119trowy, jednak nie zastosowano \u017cadnych udogonie\u0144 architektonicznych, aby umo\u017cliwi\u0107 osobom niepe\u0142nosprawnym dost\u0119p do wy\u017cszych kondygnacji. Do budynku mo\u017cna wej\u015b\u0107 z psem asystuj\u0105cym. Na miejscu nie ma mo\u017cliwo\u015bci skorzystania z us\u0142ug t\u0142umacza j\u0119zyka migowego. Nie zastosowano \u017cadnych udogonie\u0144 dla os\u00f3b niewidomych i nies\u0142ysz\u0105cych.<\/p>\n","protected":false},"excerpt":{"rendered":"<p>Deklaracja dost\u0119pno\u015bci Strony Internetowej Szko\u0142y Podstawowej nr 23 w Poznaniu Szko\u0142a Podstawowa nr 23 w Poznaniu zobowi\u0105zuje si\u0119 zapewni\u0107 dost\u0119pno\u015b\u0107 swojej strony internetowej zgodnie z przepisami ustawy z dnia 4&nbsp;kwietnia 2019&nbsp;r. o&nbsp;dost\u0119pno\u015bci cyfrowej stron internetowych i&nbsp;aplikacji mobilnych podmiot\u00f3w publicznych. O\u015bwiadczenie w sprawie dost\u0119pno\u015bci ma zastosowanie do strony internetowej Strony Internetowej Szko\u0142y Podstawowej nr 23 w [&hellip;]<\/p>\n","protected":false},"author":1,"featured_media":0,"parent":0,"menu_order":0,"comment_status":"closed","ping_status":"closed","template":"","meta":{"footnotes":""},"class_list":["post-45","page","type-page","status-publish","hentry"],"_links":{"self":[{"href":"https:\/\/sp23.poznan.pl\/index.php?rest_route=\/wp\/v2\/pages\/45","targetHints":{"allow":["GET"]}}],"collection":[{"href":"https:\/\/sp23.poznan.pl\/index.php?rest_route=\/wp\/v2\/pages"}],"about":[{"href":"https:\/\/sp23.poznan.pl\/index.php?rest_route=\/wp\/v2\/types\/page"}],"author":[{"embeddable":true,"href":"https:\/\/sp23.poznan.pl\/index.php?rest_route=\/wp\/v2\/users\/1"}],"replies":[{"embeddable":true,"href":"https:\/\/sp23.poznan.pl\/index.php?rest_route=%2Fwp%2Fv2%2Fcomments&post=45"}],"version-history":[{"count":10,"href":"https:\/\/sp23.poznan.pl\/index.php?rest_route=\/wp\/v2\/pages\/45\/revisions"}],"predecessor-version":[{"id":2345,"href":"https:\/\/sp23.poznan.pl\/index.php?rest_route=\/wp\/v2\/pages\/45\/revisions\/2345"}],"wp:attachment":[{"href":"https:\/\/sp23.poznan.pl\/index.php?rest_route=%2Fwp%2Fv2%2Fmedia&parent=45"}],"curies":[{"name":"wp","href":"https:\/\/api.w.org\/{rel}","templated":true}]}}