{"id":317,"date":"2021-10-21T09:20:59","date_gmt":"2021-10-21T07:20:59","guid":{"rendered":"http:\/\/www.sp23.com.pl\/?page_id=317"},"modified":"2022-10-27T13:27:51","modified_gmt":"2022-10-27T11:27:51","slug":"galeria","status":"publish","type":"page","link":"https:\/\/sp23.poznan.pl\/?page_id=317","title":{"rendered":"Galeria"},"content":{"rendered":"\t\t<div data-elementor-type=\"wp-page\" data-elementor-id=\"317\" class=\"elementor elementor-317\" data-elementor-post-type=\"page\">\n\t\t\t\t\t\t<section class=\"elementor-section elementor-top-section elementor-element elementor-element-d84212c elementor-section-boxed elementor-section-height-default elementor-section-height-default\" data-id=\"d84212c\" data-element_type=\"section\" data-e-type=\"section\">\n\t\t\t\t\t\t<div class=\"elementor-container elementor-column-gap-default\">\n\t\t\t\t\t<div class=\"elementor-column elementor-col-100 elementor-top-column elementor-element elementor-element-45cd1df\" data-id=\"45cd1df\" data-element_type=\"column\" data-e-type=\"column\">\n\t\t\t<div class=\"elementor-widget-wrap elementor-element-populated\">\n\t\t\t\t\t\t<div class=\"elementor-element elementor-element-4464b85 elementor-posts--align-center elementor-grid-3 elementor-grid-tablet-2 elementor-grid-mobile-1 elementor-posts--thumbnail-top elementor-card-shadow-yes elementor-posts__hover-gradient elementor-widget elementor-widget-posts\" data-id=\"4464b85\" data-element_type=\"widget\" data-e-type=\"widget\" data-settings=\"{&quot;pagination_type&quot;:&quot;numbers_and_prev_next&quot;,&quot;cards_columns&quot;:&quot;3&quot;,&quot;cards_columns_tablet&quot;:&quot;2&quot;,&quot;cards_columns_mobile&quot;:&quot;1&quot;,&quot;cards_row_gap&quot;:{&quot;unit&quot;:&quot;px&quot;,&quot;size&quot;:35,&quot;sizes&quot;:[]},&quot;cards_row_gap_tablet&quot;:{&quot;unit&quot;:&quot;px&quot;,&quot;size&quot;:&quot;&quot;,&quot;sizes&quot;:[]},&quot;cards_row_gap_mobile&quot;:{&quot;unit&quot;:&quot;px&quot;,&quot;size&quot;:&quot;&quot;,&quot;sizes&quot;:[]}}\" data-widget_type=\"posts.cards\">\n\t\t\t\t<div class=\"elementor-widget-container\">\n\t\t\t\t\t\t\t<div class=\"elementor-posts-container elementor-posts elementor-posts--skin-cards elementor-grid\">\n\t\t\t\t<article class=\"elementor-post elementor-grid-item post-2283 post type-post status-publish format-standard has-post-thumbnail hentry category-aktualnosci category-galeria\">\n\t\t\t<div class=\"elementor-post__card\">\n\t\t\t\t<a class=\"elementor-post__thumbnail__link\" href=\"https:\/\/sp23.poznan.pl\/?p=2283\" tabindex=\"-1\" ><div class=\"elementor-post__thumbnail\"><img fetchpriority=\"high\" decoding=\"async\" width=\"544\" height=\"554\" src=\"https:\/\/sp23.poznan.pl\/wp-content\/uploads\/2025\/10\/bohateron.jpg\" class=\"attachment-full size-full wp-image-2286\" alt=\"\" srcset=\"https:\/\/sp23.poznan.pl\/wp-content\/uploads\/2025\/10\/bohateron.jpg 544w, https:\/\/sp23.poznan.pl\/wp-content\/uploads\/2025\/10\/bohateron-295x300.jpg 295w\" sizes=\"(max-width: 544px) 100vw, 544px\" \/><\/div><\/a>\n\t\t\t\t<div class=\"elementor-post__text\">\n\t\t\t\t<h3 class=\"elementor-post__title\">\n\t\t\t<a href=\"https:\/\/sp23.poznan.pl\/?p=2283\" >\n\t\t\t\tAkcja BohaterON\t\t\t<\/a>\n\t\t<\/h3>\n\t\t\t\t<div class=\"elementor-post__excerpt\">\n\t\t\t<p>Po raz kolejny nasza szko\u0142a wzi\u0119\u0142a udzia\u0142 w Akcji BohaterON, kt\u00f3ra jest og\u00f3lnopolsk\u0105 kampani\u0105 o<\/p>\n\t\t<\/div>\n\t\t\n\t\t<a class=\"elementor-post__read-more\" href=\"https:\/\/sp23.poznan.pl\/?p=2283\" aria-label=\"Read more about Akcja BohaterON\" tabindex=\"-1\" >\n\t\t\tCzytaj wi\u0119cej \u00bb\t\t<\/a>\n\n\t\t\t\t<\/div>\n\t\t\t\t<div class=\"elementor-post__meta-data\">\n\t\t\t\t\t<span class=\"elementor-post-date\">\n\t\t\t27 pa\u017adziernika 2025\t\t<\/span>\n\t\t\t\t<\/div>\n\t\t\t\t\t<\/div>\n\t\t<\/article>\n\t\t\t\t<article class=\"elementor-post elementor-grid-item post-2174 post type-post status-publish format-standard has-post-thumbnail hentry category-aktualnosci category-galeria\">\n\t\t\t<div class=\"elementor-post__card\">\n\t\t\t\t<a class=\"elementor-post__thumbnail__link\" href=\"https:\/\/sp23.poznan.pl\/?p=2174\" tabindex=\"-1\" ><div class=\"elementor-post__thumbnail\"><img decoding=\"async\" width=\"2048\" height=\"1410\" src=\"https:\/\/sp23.poznan.pl\/wp-content\/uploads\/2025\/05\/45f5cb88-145d-43f0-8945-afe061f70b1e.jpg\" class=\"attachment-full size-full wp-image-2179\" alt=\"Slajd prezentacji z tytu\u0142em &quot;Uroczysto\u015b\u0107 wr\u0119czenia za\u015bwiadcze\u0144 Finalistom Wojew\u00f3dzkich Konkurs\u00f3w Przedmiotowych organizowanych przez Wielkopolskiego Kuratora O\u015bwiaty&quot;. W lewym g\u00f3rnym rogu logo Wielkopolskiego Kuratora O\u015bwiaty. W dolnej cz\u0119\u015bci widoczny napis &quot;Pozna\u0144, 25.04.2025 r.&quot;.\" srcset=\"https:\/\/sp23.poznan.pl\/wp-content\/uploads\/2025\/05\/45f5cb88-145d-43f0-8945-afe061f70b1e.jpg 2048w, https:\/\/sp23.poznan.pl\/wp-content\/uploads\/2025\/05\/45f5cb88-145d-43f0-8945-afe061f70b1e-300x207.jpg 300w, https:\/\/sp23.poznan.pl\/wp-content\/uploads\/2025\/05\/45f5cb88-145d-43f0-8945-afe061f70b1e-1024x705.jpg 1024w, https:\/\/sp23.poznan.pl\/wp-content\/uploads\/2025\/05\/45f5cb88-145d-43f0-8945-afe061f70b1e-768x529.jpg 768w, https:\/\/sp23.poznan.pl\/wp-content\/uploads\/2025\/05\/45f5cb88-145d-43f0-8945-afe061f70b1e-1536x1058.jpg 1536w\" sizes=\"(max-width: 2048px) 100vw, 2048px\" \/><\/div><\/a>\n\t\t\t\t<div class=\"elementor-post__text\">\n\t\t\t\t<h3 class=\"elementor-post__title\">\n\t\t\t<a href=\"https:\/\/sp23.poznan.pl\/?p=2174\" >\n\t\t\t\tUroczyste wr\u0119czenie za\u015bwiadcze\u0144 Finalistom Wojew\u00f3dzkich Konkurs\u00f3w Przedmiotowych organizowanych przez Wielkopolskiego Kuratora O\u015bwiaty.\t\t\t<\/a>\n\t\t<\/h3>\n\t\t\t\t<div class=\"elementor-post__excerpt\">\n\t\t\t<p>25.04.2025r. odby\u0142o si\u0119 uroczyste wr\u0119czenie za\u015bwiadcze\u0144 Finalistom Wojew\u00f3dzkich Konkurs\u00f3w Przedmiotowych organizowanych przez Wielkopolskiego Kuratora O\u015bwiaty.<\/p>\n\t\t<\/div>\n\t\t\n\t\t<a class=\"elementor-post__read-more\" href=\"https:\/\/sp23.poznan.pl\/?p=2174\" aria-label=\"Read more about Uroczyste wr\u0119czenie za\u015bwiadcze\u0144 Finalistom Wojew\u00f3dzkich Konkurs\u00f3w Przedmiotowych organizowanych przez Wielkopolskiego Kuratora O\u015bwiaty.\" tabindex=\"-1\" >\n\t\t\tCzytaj wi\u0119cej \u00bb\t\t<\/a>\n\n\t\t\t\t<\/div>\n\t\t\t\t<div class=\"elementor-post__meta-data\">\n\t\t\t\t\t<span class=\"elementor-post-date\">\n\t\t\t28 kwietnia 2025\t\t<\/span>\n\t\t\t\t<\/div>\n\t\t\t\t\t<\/div>\n\t\t<\/article>\n\t\t\t\t<article class=\"elementor-post elementor-grid-item post-2147 post type-post status-publish format-standard has-post-thumbnail hentry category-aktualnosci category-galeria\">\n\t\t\t<div class=\"elementor-post__card\">\n\t\t\t\t<a class=\"elementor-post__thumbnail__link\" href=\"https:\/\/sp23.poznan.pl\/?p=2147\" tabindex=\"-1\" ><div class=\"elementor-post__thumbnail\"><img decoding=\"async\" width=\"2048\" height=\"1536\" src=\"https:\/\/sp23.poznan.pl\/wp-content\/uploads\/2025\/04\/834937fe-ef0b-40aa-9b52-a773d0cf5253.jpg\" class=\"attachment-full size-full wp-image-2151\" alt=\"\" srcset=\"https:\/\/sp23.poznan.pl\/wp-content\/uploads\/2025\/04\/834937fe-ef0b-40aa-9b52-a773d0cf5253.jpg 2048w, https:\/\/sp23.poznan.pl\/wp-content\/uploads\/2025\/04\/834937fe-ef0b-40aa-9b52-a773d0cf5253-300x225.jpg 300w, https:\/\/sp23.poznan.pl\/wp-content\/uploads\/2025\/04\/834937fe-ef0b-40aa-9b52-a773d0cf5253-1024x768.jpg 1024w, https:\/\/sp23.poznan.pl\/wp-content\/uploads\/2025\/04\/834937fe-ef0b-40aa-9b52-a773d0cf5253-768x576.jpg 768w, https:\/\/sp23.poznan.pl\/wp-content\/uploads\/2025\/04\/834937fe-ef0b-40aa-9b52-a773d0cf5253-1536x1152.jpg 1536w\" sizes=\"(max-width: 2048px) 100vw, 2048px\" \/><\/div><\/a>\n\t\t\t\t<div class=\"elementor-post__text\">\n\t\t\t\t<h3 class=\"elementor-post__title\">\n\t\t\t<a href=\"https:\/\/sp23.poznan.pl\/?p=2147\" >\n\t\t\t\tRocznica urodzin gen. J\u00f3zefa Bema\t\t\t<\/a>\n\t\t<\/h3>\n\t\t\t\t<div class=\"elementor-post__excerpt\">\n\t\t\t<p>W marcu, w kolejn\u0105 rocznic\u0119 urodzin patrona naszej szko\u0142y &#8211; genera\u0142a J\u00f3zefa Bema, na lekcjach<\/p>\n\t\t<\/div>\n\t\t\n\t\t<a class=\"elementor-post__read-more\" href=\"https:\/\/sp23.poznan.pl\/?p=2147\" aria-label=\"Read more about Rocznica urodzin gen. J\u00f3zefa Bema\" tabindex=\"-1\" >\n\t\t\tCzytaj wi\u0119cej \u00bb\t\t<\/a>\n\n\t\t\t\t<\/div>\n\t\t\t\t<div class=\"elementor-post__meta-data\">\n\t\t\t\t\t<span class=\"elementor-post-date\">\n\t\t\t3 kwietnia 2025\t\t<\/span>\n\t\t\t\t<\/div>\n\t\t\t\t\t<\/div>\n\t\t<\/article>\n\t\t\t\t<article class=\"elementor-post elementor-grid-item post-2119 post type-post status-publish format-standard has-post-thumbnail hentry category-aktualnosci category-galeria\">\n\t\t\t<div class=\"elementor-post__card\">\n\t\t\t\t<a class=\"elementor-post__thumbnail__link\" href=\"https:\/\/sp23.poznan.pl\/?p=2119\" tabindex=\"-1\" ><div class=\"elementor-post__thumbnail\"><img loading=\"lazy\" decoding=\"async\" width=\"622\" height=\"466\" src=\"https:\/\/sp23.poznan.pl\/wp-content\/uploads\/2025\/03\/Sedzia.jpg\" class=\"attachment-full size-full wp-image-2120\" alt=\"\" srcset=\"https:\/\/sp23.poznan.pl\/wp-content\/uploads\/2025\/03\/Sedzia.jpg 622w, https:\/\/sp23.poznan.pl\/wp-content\/uploads\/2025\/03\/Sedzia-300x225.jpg 300w\" sizes=\"(max-width: 622px) 100vw, 622px\" \/><\/div><\/a>\n\t\t\t\t<div class=\"elementor-post__text\">\n\t\t\t\t<h3 class=\"elementor-post__title\">\n\t\t\t<a href=\"https:\/\/sp23.poznan.pl\/?p=2119\" >\n\t\t\t\tE-LEKCJA Z S\u0118DZI\u0104\t\t\t<\/a>\n\t\t<\/h3>\n\t\t\t\t<div class=\"elementor-post__excerpt\">\n\t\t\t<p>Dnia 26 lutego klasy 7 i 8 uczestniczy\u0142y w e-lekcji z s\u0119dzi\u0105 S\u0105du Okr\u0119gowego \u00a0w<\/p>\n\t\t<\/div>\n\t\t\n\t\t<a class=\"elementor-post__read-more\" href=\"https:\/\/sp23.poznan.pl\/?p=2119\" aria-label=\"Read more about E-LEKCJA Z S\u0118DZI\u0104\" tabindex=\"-1\" >\n\t\t\tCzytaj wi\u0119cej \u00bb\t\t<\/a>\n\n\t\t\t\t<\/div>\n\t\t\t\t<div class=\"elementor-post__meta-data\">\n\t\t\t\t\t<span class=\"elementor-post-date\">\n\t\t\t3 marca 2025\t\t<\/span>\n\t\t\t\t<\/div>\n\t\t\t\t\t<\/div>\n\t\t<\/article>\n\t\t\t\t<article class=\"elementor-post elementor-grid-item post-2108 post type-post status-publish format-standard has-post-thumbnail hentry category-aktualnosci category-galeria\">\n\t\t\t<div class=\"elementor-post__card\">\n\t\t\t\t<a class=\"elementor-post__thumbnail__link\" href=\"https:\/\/sp23.poznan.pl\/?p=2108\" tabindex=\"-1\" ><div class=\"elementor-post__thumbnail\"><img loading=\"lazy\" decoding=\"async\" width=\"1536\" height=\"2048\" src=\"https:\/\/sp23.poznan.pl\/wp-content\/uploads\/2025\/02\/84f27c5b-9fe7-4e37-bf64-c3ed23cdcc90.jpg\" class=\"attachment-full size-full wp-image-2114\" alt=\"\" srcset=\"https:\/\/sp23.poznan.pl\/wp-content\/uploads\/2025\/02\/84f27c5b-9fe7-4e37-bf64-c3ed23cdcc90.jpg 1536w, https:\/\/sp23.poznan.pl\/wp-content\/uploads\/2025\/02\/84f27c5b-9fe7-4e37-bf64-c3ed23cdcc90-225x300.jpg 225w, https:\/\/sp23.poznan.pl\/wp-content\/uploads\/2025\/02\/84f27c5b-9fe7-4e37-bf64-c3ed23cdcc90-768x1024.jpg 768w, https:\/\/sp23.poznan.pl\/wp-content\/uploads\/2025\/02\/84f27c5b-9fe7-4e37-bf64-c3ed23cdcc90-1152x1536.jpg 1152w\" sizes=\"(max-width: 1536px) 100vw, 1536px\" \/><\/div><\/a>\n\t\t\t\t<div class=\"elementor-post__text\">\n\t\t\t\t<h3 class=\"elementor-post__title\">\n\t\t\t<a href=\"https:\/\/sp23.poznan.pl\/?p=2108\" >\n\t\t\t\tMediacje\t\t\t<\/a>\n\t\t<\/h3>\n\t\t\t\t<div class=\"elementor-post__excerpt\">\n\t\t\t<p>25 lutego klasa 5a wzi\u0119\u0142a udzia\u0142 w bardzo wa\u017cnych warsztatach po\u015bwi\u0119conych mediacji. Te niezwykle tw\u00f3rcze<\/p>\n\t\t<\/div>\n\t\t\n\t\t<a class=\"elementor-post__read-more\" href=\"https:\/\/sp23.poznan.pl\/?p=2108\" aria-label=\"Read more about Mediacje\" tabindex=\"-1\" >\n\t\t\tCzytaj wi\u0119cej \u00bb\t\t<\/a>\n\n\t\t\t\t<\/div>\n\t\t\t\t<div class=\"elementor-post__meta-data\">\n\t\t\t\t\t<span class=\"elementor-post-date\">\n\t\t\t26 lutego 2025\t\t<\/span>\n\t\t\t\t<\/div>\n\t\t\t\t\t<\/div>\n\t\t<\/article>\n\t\t\t\t<article class=\"elementor-post elementor-grid-item post-2091 post type-post status-publish format-standard has-post-thumbnail hentry category-aktualnosci category-galeria\">\n\t\t\t<div class=\"elementor-post__card\">\n\t\t\t\t<a class=\"elementor-post__thumbnail__link\" href=\"https:\/\/sp23.poznan.pl\/?p=2091\" tabindex=\"-1\" ><div class=\"elementor-post__thumbnail\"><img loading=\"lazy\" decoding=\"async\" width=\"2048\" height=\"1536\" src=\"https:\/\/sp23.poznan.pl\/wp-content\/uploads\/2025\/02\/8baffe43-779e-47a2-9320-77dfcb908d69.jpg\" class=\"attachment-full size-full wp-image-2096\" alt=\"Obraz zawieraj\u0105cy w pomieszczeniu, fantomy le\u017c\u0105ce na pod\u0142odze, uczniowie ucz\u0105 si\u0119 RKO\" srcset=\"https:\/\/sp23.poznan.pl\/wp-content\/uploads\/2025\/02\/8baffe43-779e-47a2-9320-77dfcb908d69.jpg 2048w, https:\/\/sp23.poznan.pl\/wp-content\/uploads\/2025\/02\/8baffe43-779e-47a2-9320-77dfcb908d69-300x225.jpg 300w, https:\/\/sp23.poznan.pl\/wp-content\/uploads\/2025\/02\/8baffe43-779e-47a2-9320-77dfcb908d69-1024x768.jpg 1024w, https:\/\/sp23.poznan.pl\/wp-content\/uploads\/2025\/02\/8baffe43-779e-47a2-9320-77dfcb908d69-768x576.jpg 768w, https:\/\/sp23.poznan.pl\/wp-content\/uploads\/2025\/02\/8baffe43-779e-47a2-9320-77dfcb908d69-1536x1152.jpg 1536w\" sizes=\"(max-width: 2048px) 100vw, 2048px\" \/><\/div><\/a>\n\t\t\t\t<div class=\"elementor-post__text\">\n\t\t\t\t<h3 class=\"elementor-post__title\">\n\t\t\t<a href=\"https:\/\/sp23.poznan.pl\/?p=2091\" >\n\t\t\t\tWarsztaty z Pierwszej Pomocy\t\t\t<\/a>\n\t\t<\/h3>\n\t\t\t\t<div class=\"elementor-post__excerpt\">\n\t\t\t<p>We wtorek 18.02.2025 r. w naszej szkole w ramach projektu &#8222;Cenne \u017cycie&#8221; odby\u0142y si\u0119 warsztaty<\/p>\n\t\t<\/div>\n\t\t\n\t\t<a class=\"elementor-post__read-more\" href=\"https:\/\/sp23.poznan.pl\/?p=2091\" aria-label=\"Read more about Warsztaty z Pierwszej Pomocy\" tabindex=\"-1\" >\n\t\t\tCzytaj wi\u0119cej \u00bb\t\t<\/a>\n\n\t\t\t\t<\/div>\n\t\t\t\t<div class=\"elementor-post__meta-data\">\n\t\t\t\t\t<span class=\"elementor-post-date\">\n\t\t\t21 lutego 2025\t\t<\/span>\n\t\t\t\t<\/div>\n\t\t\t\t\t<\/div>\n\t\t<\/article>\n\t\t\t\t<article class=\"elementor-post elementor-grid-item post-2019 post type-post status-publish format-standard has-post-thumbnail hentry category-aktualnosci category-galeria\">\n\t\t\t<div class=\"elementor-post__card\">\n\t\t\t\t<a class=\"elementor-post__thumbnail__link\" href=\"https:\/\/sp23.poznan.pl\/?p=2019\" tabindex=\"-1\" ><div class=\"elementor-post__thumbnail\"><img loading=\"lazy\" decoding=\"async\" width=\"2000\" height=\"1500\" src=\"https:\/\/sp23.poznan.pl\/wp-content\/uploads\/2024\/11\/462564052_2058407574616639_2157538462546823450_n.jpg\" class=\"attachment-full size-full wp-image-2026\" alt=\"\" srcset=\"https:\/\/sp23.poznan.pl\/wp-content\/uploads\/2024\/11\/462564052_2058407574616639_2157538462546823450_n.jpg 2000w, https:\/\/sp23.poznan.pl\/wp-content\/uploads\/2024\/11\/462564052_2058407574616639_2157538462546823450_n-300x225.jpg 300w, https:\/\/sp23.poznan.pl\/wp-content\/uploads\/2024\/11\/462564052_2058407574616639_2157538462546823450_n-1024x768.jpg 1024w, https:\/\/sp23.poznan.pl\/wp-content\/uploads\/2024\/11\/462564052_2058407574616639_2157538462546823450_n-768x576.jpg 768w, https:\/\/sp23.poznan.pl\/wp-content\/uploads\/2024\/11\/462564052_2058407574616639_2157538462546823450_n-1536x1152.jpg 1536w\" sizes=\"(max-width: 2000px) 100vw, 2000px\" \/><\/div><\/a>\n\t\t\t\t<div class=\"elementor-post__text\">\n\t\t\t\t<h3 class=\"elementor-post__title\">\n\t\t\t<a href=\"https:\/\/sp23.poznan.pl\/?p=2019\" >\n\t\t\t\t\u015awi\u0119to Niepodleg\u0142o\u015bci\t\t\t<\/a>\n\t\t<\/h3>\n\t\t\t\t<div class=\"elementor-post__excerpt\">\n\t\t\t<p>8 listopada w naszej szkole odby\u0142 si\u0119 uroczysty apel upami\u0119tniaj\u0105cy 106 rocznic\u0119 odzyskania przez Polsk\u0119<\/p>\n\t\t<\/div>\n\t\t\n\t\t<a class=\"elementor-post__read-more\" href=\"https:\/\/sp23.poznan.pl\/?p=2019\" aria-label=\"Read more about \u015awi\u0119to Niepodleg\u0142o\u015bci\" tabindex=\"-1\" >\n\t\t\tCzytaj wi\u0119cej \u00bb\t\t<\/a>\n\n\t\t\t\t<\/div>\n\t\t\t\t<div class=\"elementor-post__meta-data\">\n\t\t\t\t\t<span class=\"elementor-post-date\">\n\t\t\t11 listopada 2024\t\t<\/span>\n\t\t\t\t<\/div>\n\t\t\t\t\t<\/div>\n\t\t<\/article>\n\t\t\t\t<article class=\"elementor-post elementor-grid-item post-2012 post type-post status-publish format-standard has-post-thumbnail hentry category-aktualnosci category-galeria\">\n\t\t\t<div class=\"elementor-post__card\">\n\t\t\t\t<a class=\"elementor-post__thumbnail__link\" href=\"https:\/\/sp23.poznan.pl\/?p=2012\" tabindex=\"-1\" ><div class=\"elementor-post__thumbnail\"><img loading=\"lazy\" decoding=\"async\" width=\"1536\" height=\"2048\" src=\"https:\/\/sp23.poznan.pl\/wp-content\/uploads\/2024\/11\/464802641_1070868468161656_20539337439652108_n.jpg\" class=\"attachment-full size-full wp-image-2014\" alt=\"\" srcset=\"https:\/\/sp23.poznan.pl\/wp-content\/uploads\/2024\/11\/464802641_1070868468161656_20539337439652108_n.jpg 1536w, https:\/\/sp23.poznan.pl\/wp-content\/uploads\/2024\/11\/464802641_1070868468161656_20539337439652108_n-225x300.jpg 225w, https:\/\/sp23.poznan.pl\/wp-content\/uploads\/2024\/11\/464802641_1070868468161656_20539337439652108_n-768x1024.jpg 768w, https:\/\/sp23.poznan.pl\/wp-content\/uploads\/2024\/11\/464802641_1070868468161656_20539337439652108_n-1152x1536.jpg 1152w\" sizes=\"(max-width: 1536px) 100vw, 1536px\" \/><\/div><\/a>\n\t\t\t\t<div class=\"elementor-post__text\">\n\t\t\t\t<h3 class=\"elementor-post__title\">\n\t\t\t<a href=\"https:\/\/sp23.poznan.pl\/?p=2012\" >\n\t\t\t\t\u015awiate\u0142ko dla Czerwca 1956\t\t\t<\/a>\n\t\t<\/h3>\n\t\t\t\t<div class=\"elementor-post__excerpt\">\n\t\t\t<p>Nasza szko\u0142a kolejny raz wzi\u0119\u0142a udzia\u0142 w Akcji &#8222;\u015awiate\u0142ko dla Czerwca\u201956&#8221;. Akcja ma na celu<\/p>\n\t\t<\/div>\n\t\t\n\t\t<a class=\"elementor-post__read-more\" href=\"https:\/\/sp23.poznan.pl\/?p=2012\" aria-label=\"Read more about \u015awiate\u0142ko dla Czerwca 1956\" tabindex=\"-1\" >\n\t\t\tCzytaj wi\u0119cej \u00bb\t\t<\/a>\n\n\t\t\t\t<\/div>\n\t\t\t\t<div class=\"elementor-post__meta-data\">\n\t\t\t\t\t<span class=\"elementor-post-date\">\n\t\t\t1 listopada 2024\t\t<\/span>\n\t\t\t\t<\/div>\n\t\t\t\t\t<\/div>\n\t\t<\/article>\n\t\t\t\t<article class=\"elementor-post elementor-grid-item post-1953 post type-post status-publish format-standard has-post-thumbnail hentry category-aktualnosci category-galeria\">\n\t\t\t<div class=\"elementor-post__card\">\n\t\t\t\t<a class=\"elementor-post__thumbnail__link\" href=\"https:\/\/sp23.poznan.pl\/?p=1953\" tabindex=\"-1\" ><div class=\"elementor-post__thumbnail\"><img loading=\"lazy\" decoding=\"async\" width=\"638\" height=\"480\" src=\"https:\/\/sp23.poznan.pl\/wp-content\/uploads\/2024\/09\/IMG20240926073259_Easy-Resize.com_.jpg\" class=\"attachment-full size-full wp-image-1957\" alt=\"\" srcset=\"https:\/\/sp23.poznan.pl\/wp-content\/uploads\/2024\/09\/IMG20240926073259_Easy-Resize.com_.jpg 638w, https:\/\/sp23.poznan.pl\/wp-content\/uploads\/2024\/09\/IMG20240926073259_Easy-Resize.com_-300x226.jpg 300w\" sizes=\"(max-width: 638px) 100vw, 638px\" \/><\/div><\/a>\n\t\t\t\t<div class=\"elementor-post__text\">\n\t\t\t\t<h3 class=\"elementor-post__title\">\n\t\t\t<a href=\"https:\/\/sp23.poznan.pl\/?p=1953\" >\n\t\t\t\tEuropejski Dzie\u0144 J\u0119zyk\u00f3w\t\t\t<\/a>\n\t\t<\/h3>\n\t\t\t\t<div class=\"elementor-post__excerpt\">\n\t\t\t<p>26 wrze\u015bnia 2024r. obchodzili\u015bmy w naszej szkole Europejski Dzie\u0144 J\u0119zyk\u00f3w. Uczniowie mogli zapozna\u0107 si\u0119 z<\/p>\n\t\t<\/div>\n\t\t\n\t\t<a class=\"elementor-post__read-more\" href=\"https:\/\/sp23.poznan.pl\/?p=1953\" aria-label=\"Read more about Europejski Dzie\u0144 J\u0119zyk\u00f3w\" tabindex=\"-1\" >\n\t\t\tCzytaj wi\u0119cej \u00bb\t\t<\/a>\n\n\t\t\t\t<\/div>\n\t\t\t\t<div class=\"elementor-post__meta-data\">\n\t\t\t\t\t<span class=\"elementor-post-date\">\n\t\t\t27 wrze\u015bnia 2024\t\t<\/span>\n\t\t\t\t<\/div>\n\t\t\t\t\t<\/div>\n\t\t<\/article>\n\t\t\t\t<article class=\"elementor-post elementor-grid-item post-1831 post type-post status-publish format-standard has-post-thumbnail hentry category-aktualnosci category-bez-kategorii category-galeria\">\n\t\t\t<div class=\"elementor-post__card\">\n\t\t\t\t<a class=\"elementor-post__thumbnail__link\" href=\"https:\/\/sp23.poznan.pl\/?p=1831\" tabindex=\"-1\" ><div class=\"elementor-post__thumbnail\"><img loading=\"lazy\" decoding=\"async\" width=\"2560\" height=\"1920\" src=\"https:\/\/sp23.poznan.pl\/wp-content\/uploads\/2024\/04\/IMG20240418125132-scaled.jpg\" class=\"attachment-full size-full wp-image-1839\" alt=\"\" srcset=\"https:\/\/sp23.poznan.pl\/wp-content\/uploads\/2024\/04\/IMG20240418125132-scaled.jpg 2560w, https:\/\/sp23.poznan.pl\/wp-content\/uploads\/2024\/04\/IMG20240418125132-300x225.jpg 300w, https:\/\/sp23.poznan.pl\/wp-content\/uploads\/2024\/04\/IMG20240418125132-1024x768.jpg 1024w, https:\/\/sp23.poznan.pl\/wp-content\/uploads\/2024\/04\/IMG20240418125132-768x576.jpg 768w, https:\/\/sp23.poznan.pl\/wp-content\/uploads\/2024\/04\/IMG20240418125132-1536x1152.jpg 1536w, https:\/\/sp23.poznan.pl\/wp-content\/uploads\/2024\/04\/IMG20240418125132-2048x1536.jpg 2048w\" sizes=\"(max-width: 2560px) 100vw, 2560px\" \/><\/div><\/a>\n\t\t\t\t<div class=\"elementor-post__text\">\n\t\t\t\t<h3 class=\"elementor-post__title\">\n\t\t\t<a href=\"https:\/\/sp23.poznan.pl\/?p=1831\" >\n\t\t\t\tWycieczka z histori\u0105 w tle\t\t\t<\/a>\n\t\t<\/h3>\n\t\t\t\t<div class=\"elementor-post__excerpt\">\n\t\t\t<p>Dnia 18 kwietnia 2023 r. uczniowie z klas 8a, 8b i 6a wraz z wychowawcami<\/p>\n\t\t<\/div>\n\t\t\n\t\t<a class=\"elementor-post__read-more\" href=\"https:\/\/sp23.poznan.pl\/?p=1831\" aria-label=\"Read more about Wycieczka z histori\u0105 w tle\" tabindex=\"-1\" >\n\t\t\tCzytaj wi\u0119cej \u00bb\t\t<\/a>\n\n\t\t\t\t<\/div>\n\t\t\t\t<div class=\"elementor-post__meta-data\">\n\t\t\t\t\t<span class=\"elementor-post-date\">\n\t\t\t19 kwietnia 2024\t\t<\/span>\n\t\t\t\t<\/div>\n\t\t\t\t\t<\/div>\n\t\t<\/article>\n\t\t\t\t<article class=\"elementor-post elementor-grid-item post-1813 post type-post status-publish format-standard has-post-thumbnail hentry category-aktualnosci category-galeria\">\n\t\t\t<div class=\"elementor-post__card\">\n\t\t\t\t<a class=\"elementor-post__thumbnail__link\" href=\"https:\/\/sp23.poznan.pl\/?p=1813\" tabindex=\"-1\" ><div class=\"elementor-post__thumbnail\"><img loading=\"lazy\" decoding=\"async\" width=\"2000\" height=\"1500\" src=\"https:\/\/sp23.poznan.pl\/wp-content\/uploads\/2024\/04\/404d679d-9a1d-46c1-a5b2-5976adc32964.jpg\" class=\"attachment-full size-full wp-image-1820\" alt=\"\" srcset=\"https:\/\/sp23.poznan.pl\/wp-content\/uploads\/2024\/04\/404d679d-9a1d-46c1-a5b2-5976adc32964.jpg 2000w, https:\/\/sp23.poznan.pl\/wp-content\/uploads\/2024\/04\/404d679d-9a1d-46c1-a5b2-5976adc32964-300x225.jpg 300w, https:\/\/sp23.poznan.pl\/wp-content\/uploads\/2024\/04\/404d679d-9a1d-46c1-a5b2-5976adc32964-1024x768.jpg 1024w, https:\/\/sp23.poznan.pl\/wp-content\/uploads\/2024\/04\/404d679d-9a1d-46c1-a5b2-5976adc32964-768x576.jpg 768w\" sizes=\"(max-width: 2000px) 100vw, 2000px\" \/><\/div><\/a>\n\t\t\t\t<div class=\"elementor-post__text\">\n\t\t\t\t<h3 class=\"elementor-post__title\">\n\t\t\t<a href=\"https:\/\/sp23.poznan.pl\/?p=1813\" >\n\t\t\t\tDzie\u0144 Patrona\t\t\t<\/a>\n\t\t<\/h3>\n\t\t\t\t<div class=\"elementor-post__excerpt\">\n\t\t\t<p>W dniach 11-15 marca w naszej szkole podj\u0119li\u015bmy dzia\u0142ania zwi\u0105zane z uczczeniem pami\u0119ci patrona naszej<\/p>\n\t\t<\/div>\n\t\t\n\t\t<a class=\"elementor-post__read-more\" href=\"https:\/\/sp23.poznan.pl\/?p=1813\" aria-label=\"Read more about Dzie\u0144 Patrona\" tabindex=\"-1\" >\n\t\t\tCzytaj wi\u0119cej \u00bb\t\t<\/a>\n\n\t\t\t\t<\/div>\n\t\t\t\t<div class=\"elementor-post__meta-data\">\n\t\t\t\t\t<span class=\"elementor-post-date\">\n\t\t\t28 marca 2024\t\t<\/span>\n\t\t\t\t<\/div>\n\t\t\t\t\t<\/div>\n\t\t<\/article>\n\t\t\t\t<article class=\"elementor-post elementor-grid-item post-1751 post type-post status-publish format-standard has-post-thumbnail hentry category-aktualnosci category-galeria\">\n\t\t\t<div class=\"elementor-post__card\">\n\t\t\t\t<a class=\"elementor-post__thumbnail__link\" href=\"https:\/\/sp23.poznan.pl\/?p=1751\" tabindex=\"-1\" ><div class=\"elementor-post__thumbnail\"><img loading=\"lazy\" decoding=\"async\" width=\"2048\" height=\"1365\" src=\"https:\/\/sp23.poznan.pl\/wp-content\/uploads\/2024\/03\/429908832_921023413146163_3896902749653008921_n.jpg\" class=\"attachment-full size-full wp-image-1758\" alt=\"\" srcset=\"https:\/\/sp23.poznan.pl\/wp-content\/uploads\/2024\/03\/429908832_921023413146163_3896902749653008921_n.jpg 2048w, https:\/\/sp23.poznan.pl\/wp-content\/uploads\/2024\/03\/429908832_921023413146163_3896902749653008921_n-300x200.jpg 300w, https:\/\/sp23.poznan.pl\/wp-content\/uploads\/2024\/03\/429908832_921023413146163_3896902749653008921_n-1024x683.jpg 1024w, https:\/\/sp23.poznan.pl\/wp-content\/uploads\/2024\/03\/429908832_921023413146163_3896902749653008921_n-768x512.jpg 768w, https:\/\/sp23.poznan.pl\/wp-content\/uploads\/2024\/03\/429908832_921023413146163_3896902749653008921_n-1536x1024.jpg 1536w\" sizes=\"(max-width: 2048px) 100vw, 2048px\" \/><\/div><\/a>\n\t\t\t\t<div class=\"elementor-post__text\">\n\t\t\t\t<h3 class=\"elementor-post__title\">\n\t\t\t<a href=\"https:\/\/sp23.poznan.pl\/?p=1751\" >\n\t\t\t\tKoncert &#8222;Sercem z Ukrain\u0105&#8221;\t\t\t<\/a>\n\t\t<\/h3>\n\t\t\t\t<div class=\"elementor-post__excerpt\">\n\t\t\t<p>W czwartek 7 marca w naszej szkole odby\u0142 si\u0119 integracyjny koncert &#8222;Sercem z Ukrain\u0105&#8221;. Podczas<\/p>\n\t\t<\/div>\n\t\t\n\t\t<a class=\"elementor-post__read-more\" href=\"https:\/\/sp23.poznan.pl\/?p=1751\" aria-label=\"Read more about Koncert &#8222;Sercem z Ukrain\u0105&#8221;\" tabindex=\"-1\" >\n\t\t\tCzytaj wi\u0119cej \u00bb\t\t<\/a>\n\n\t\t\t\t<\/div>\n\t\t\t\t<div class=\"elementor-post__meta-data\">\n\t\t\t\t\t<span class=\"elementor-post-date\">\n\t\t\t11 marca 2024\t\t<\/span>\n\t\t\t\t<\/div>\n\t\t\t\t\t<\/div>\n\t\t<\/article>\n\t\t\t\t<\/div>\n\t\t\n\t\t\t\t<div class=\"e-load-more-anchor\" data-page=\"1\" data-max-page=\"2\" data-next-page=\"https:\/\/sp23.poznan.pl\/index.php?rest_route=%2Fwp%2Fv2%2Fpages%2F317&#038;paged=2\"><\/div>\n\t\t\t\t<nav class=\"elementor-pagination\" aria-label=\"Pagination\">\n\t\t\t<span class=\"page-numbers prev\">&laquo; Poprzednia<\/span>\n<span aria-current=\"page\" class=\"page-numbers current\"><span class=\"elementor-screen-only\">Page<\/span>1<\/span>\n<a class=\"page-numbers\" href=\"https:\/\/sp23.poznan.pl\/index.php\/?paged=2\"><span class=\"elementor-screen-only\">Page<\/span>2<\/a>\n<a class=\"page-numbers next\" href=\"https:\/\/sp23.poznan.pl\/index.php?rest_route=%2Fwp%2Fv2%2Fpages%2F317&#038;paged=2\">Nast\u0119pna &raquo;<\/a>\t\t<\/nav>\n\t\t\t\t\t\t<\/div>\n\t\t\t\t<\/div>\n\t\t\t\t\t<\/div>\n\t\t<\/div>\n\t\t\t\t\t<\/div>\n\t\t<\/section>\n\t\t\t\t<\/div>\n\t\t","protected":false},"excerpt":{"rendered":"","protected":false},"author":1,"featured_media":0,"parent":0,"menu_order":0,"comment_status":"closed","ping_status":"closed","template":"","meta":{"footnotes":""},"class_list":["post-317","page","type-page","status-publish","hentry"],"_links":{"self":[{"href":"https:\/\/sp23.poznan.pl\/index.php?rest_route=\/wp\/v2\/pages\/317","targetHints":{"allow":["GET"]}}],"collection":[{"href":"https:\/\/sp23.poznan.pl\/index.php?rest_route=\/wp\/v2\/pages"}],"about":[{"href":"https:\/\/sp23.poznan.pl\/index.php?rest_route=\/wp\/v2\/types\/page"}],"author":[{"embeddable":true,"href":"https:\/\/sp23.poznan.pl\/index.php?rest_route=\/wp\/v2\/users\/1"}],"replies":[{"embeddable":true,"href":"https:\/\/sp23.poznan.pl\/index.php?rest_route=%2Fwp%2Fv2%2Fcomments&post=317"}],"version-history":[{"count":7,"href":"https:\/\/sp23.poznan.pl\/index.php?rest_route=\/wp\/v2\/pages\/317\/revisions"}],"predecessor-version":[{"id":647,"href":"https:\/\/sp23.poznan.pl\/index.php?rest_route=\/wp\/v2\/pages\/317\/revisions\/647"}],"wp:attachment":[{"href":"https:\/\/sp23.poznan.pl\/index.php?rest_route=%2Fwp%2Fv2%2Fmedia&parent=317"}],"curies":[{"name":"wp","href":"https:\/\/api.w.org\/{rel}","templated":true}]}}